{"id":5783,"date":"2025-09-17T10:13:27","date_gmt":"2025-09-17T14:13:27","guid":{"rendered":"https:\/\/www.mtcriativo.mt.gov.br\/?page_id=5783"},"modified":"2025-09-17T10:15:18","modified_gmt":"2025-09-17T14:15:18","slug":"artigos-2","status":"publish","type":"page","link":"https:\/\/www.mtcriativo.mt.gov.br\/index.php\/artigos-2\/","title":{"rendered":"Artigos"},"content":{"rendered":"\t\t<div data-elementor-type=\"wp-page\" data-elementor-id=\"5783\" class=\"elementor elementor-5783\" data-elementor-settings=\"[]\">\n\t\t\t\t\t\t<div class=\"elementor-inner\">\n\t\t\t\t\t\t\t<div class=\"elementor-section-wrap\">\n\t\t\t\t\t\t\t<section class=\"elementor-section elementor-top-section elementor-element elementor-element-4e91bf7 elementor-section-boxed elementor-section-height-default elementor-section-height-default\" data-id=\"4e91bf7\" data-element_type=\"section\">\n\t\t\t\t\t\t<div class=\"elementor-container elementor-column-gap-default\">\n\t\t\t\t\t\t\t<div class=\"elementor-row\">\n\t\t\t\t\t<div class=\"elementor-column elementor-col-100 elementor-top-column elementor-element elementor-element-f5318ac\" data-id=\"f5318ac\" data-element_type=\"column\">\n\t\t\t<div class=\"elementor-column-wrap elementor-element-populated\">\n\t\t\t\t\t\t\t<div class=\"elementor-widget-wrap\">\n\t\t\t\t\t\t<div class=\"elementor-element elementor-element-5702b5d elementor-widget elementor-widget-heading\" data-id=\"5702b5d\" data-element_type=\"widget\" data-widget_type=\"heading.default\">\n\t\t\t\t<div class=\"elementor-widget-container\">\n\t\t\t<h2 class=\"elementor-heading-title elementor-size-default\">ARTIGOS<\/h2>\t\t<\/div>\n\t\t\t\t<\/div>\n\t\t\t\t\t\t<\/div>\n\t\t\t\t\t<\/div>\n\t\t<\/div>\n\t\t\t\t\t\t\t\t<\/div>\n\t\t\t\t\t<\/div>\n\t\t<\/section>\n\t\t\t\t<section class=\"elementor-section elementor-top-section elementor-element elementor-element-6c277c2 elementor-section-boxed elementor-section-height-default elementor-section-height-default\" data-id=\"6c277c2\" data-element_type=\"section\">\n\t\t\t\t\t\t<div class=\"elementor-container elementor-column-gap-default\">\n\t\t\t\t\t\t\t<div class=\"elementor-row\">\n\t\t\t\t\t<div class=\"elementor-column elementor-col-100 elementor-top-column elementor-element elementor-element-0c8b289\" data-id=\"0c8b289\" data-element_type=\"column\">\n\t\t\t<div class=\"elementor-column-wrap elementor-element-populated\">\n\t\t\t\t\t\t\t<div class=\"elementor-widget-wrap\">\n\t\t\t\t\t\t<div class=\"elementor-element elementor-element-bee779b elementor-widget elementor-widget-text-editor\" data-id=\"bee779b\" data-element_type=\"widget\" data-widget_type=\"text-editor.default\">\n\t\t\t\t<div class=\"elementor-widget-container\">\n\t\t\t\t\t\t\t\t<div class=\"elementor-text-editor elementor-clearfix\">\n\t\t\t\t<p>Nesta se\u00e7\u00e3o, reunimos conte\u00fados sobre diferentes \u00e1reas da economia, cultura e criatividade. Aqui voc\u00ea encontra an\u00e1lises, reflex\u00f5es e informa\u00e7\u00f5es atualizadas que ajudam a entender tend\u00eancias, conceitos e oportunidades que movimentam nosso cen\u00e1rio.<\/p>\t\t\t\t\t<\/div>\n\t\t\t\t\t\t<\/div>\n\t\t\t\t<\/div>\n\t\t\t\t\t\t<\/div>\n\t\t\t\t\t<\/div>\n\t\t<\/div>\n\t\t\t\t\t\t\t\t<\/div>\n\t\t\t\t\t<\/div>\n\t\t<\/section>\n\t\t\t\t<section class=\"elementor-section elementor-top-section elementor-element elementor-element-62fa483 elementor-section-boxed elementor-section-height-default elementor-section-height-default\" data-id=\"62fa483\" data-element_type=\"section\">\n\t\t\t\t\t\t<div class=\"elementor-container elementor-column-gap-default\">\n\t\t\t\t\t\t\t<div class=\"elementor-row\">\n\t\t\t\t\t<div class=\"elementor-column elementor-col-100 elementor-top-column elementor-element elementor-element-76caa7a\" data-id=\"76caa7a\" data-element_type=\"column\">\n\t\t\t<div class=\"elementor-column-wrap elementor-element-populated\">\n\t\t\t\t\t\t\t<div class=\"elementor-widget-wrap\">\n\t\t\t\t\t\t<div class=\"elementor-element elementor-element-0935a43 elementor-widget elementor-widget-obfx-posts-grid\" data-id=\"0935a43\" data-element_type=\"widget\" data-widget_type=\"obfx-posts-grid.default\">\n\t\t\t\t<div class=\"elementor-widget-container\">\n\t\t\t<div class=\"obfx-grid\"><div class=\"obfx-grid-container obfx-grid-mobile-1 obfx-grid-tablet-2 obfx-grid-desktop-3\"><div class=\"obfx-grid-wrapper\"><article class=\"obfx-grid-col\"><div class=\"obfx-grid-col-image\" ><a href=\"https:\/\/www.mtcriativo.mt.gov.br\/index.php\/2026\/04\/28\/doe-mt-a-tecnologia-que-esta-profissionalizando-a-sustentabilidade-da-cultura-em-mato-grosso-2\/\" title=\"Doe MT: A tecnologia que est\u00e1 profissionalizando a sustentabilidade da cultura em Mato Grosso\"><img loading=\"lazy\" decoding=\"async\" width=\"1127\" height=\"526\" src=\"https:\/\/www.mtcriativo.mt.gov.br\/wp-content\/uploads\/2026\/04\/WhatsApp-Image-2026-04-16-at-11.35.01-e1776871698823.jpeg\" class=\"img-responsive wp-post-image\" alt=\"WhatsApp Image 2026-04-16 at 11.35.01\" srcset=\"https:\/\/www.mtcriativo.mt.gov.br\/wp-content\/uploads\/2026\/04\/WhatsApp-Image-2026-04-16-at-11.35.01-e1776871698823.jpeg 1127w, https:\/\/www.mtcriativo.mt.gov.br\/wp-content\/uploads\/2026\/04\/WhatsApp-Image-2026-04-16-at-11.35.01-e1776871698823-300x140.jpeg 300w, https:\/\/www.mtcriativo.mt.gov.br\/wp-content\/uploads\/2026\/04\/WhatsApp-Image-2026-04-16-at-11.35.01-e1776871698823-1024x478.jpeg 1024w, https:\/\/www.mtcriativo.mt.gov.br\/wp-content\/uploads\/2026\/04\/WhatsApp-Image-2026-04-16-at-11.35.01-e1776871698823-768x358.jpeg 768w\" sizes=\"auto, (max-width: 1127px) 100vw, 1127px\" \/><\/a><\/div><div class=\"obfx-grid-col-content\">\t\t\t<h2 class=\"entry-title obfx-grid-title\">\n\t\t\t\t\t\t\t<a href=\"https:\/\/www.mtcriativo.mt.gov.br\/index.php\/2026\/04\/28\/doe-mt-a-tecnologia-que-esta-profissionalizando-a-sustentabilidade-da-cultura-em-mato-grosso-2\/\" title=\"Doe MT: A tecnologia que est\u00e1 profissionalizando a sustentabilidade da cultura em Mato Grosso\">\n\t\t\t\t\tDoe MT: A tecnologia que est\u00e1 profissionalizando a sustentabilidade da cultura em Mato Grosso\t\t\t\t<\/a>\n\t\t\t\t\t\t\t<\/h2>\n\t\t\t\t\t\t\t<div class=\"entry-meta obfx-grid-meta\">\n\n\t\t\t\t\t\t\t\t\t\t\t\t\t<span class=\"obfx-grid-author\">\n\t\t\t\t\t\t\t\t\t<i class=\"fas fa-user\"><\/i>MT Criativo\t\t\t\t\t\t\t\t<\/span>\n\t\t\t\t\t\t\t\t\t\t\t\t\t\t\t\t<span class=\"obfx-grid-date\">\n\t\t\t\t\t\t\t\t\t<i class=\"fas fa-calendar\"><\/i>28 de abril de 2026\t\t\t\t\t\t\t\t<\/span>\n\t\t\t\t\t\t\t\t\n\t\t\t\t<\/div>\n\t\t\t\t\t\t\t<div class=\"entry-content obfx-grid-content\">\n\t\t\t\tDoe MT: A tecnologia que est\u00e1 profissionalizando a sustentabilidade da cultura em Mato Grosso Plataforma viabilizada pelo fomento do MT Criativo (Secel-MT) atua como um hub estrat\u00e9gico para a capta\u00e7\u00e3o&hellip;&nbsp;Continue&hellip;\t\t\t<\/div>\n\t\t\t<\/div><\/article><\/div><div class=\"obfx-grid-wrapper\"><article class=\"obfx-grid-col\"><div class=\"obfx-grid-col-image\" ><a href=\"https:\/\/www.mtcriativo.mt.gov.br\/index.php\/2026\/04\/21\/film-commission-rio-dos-bororos-consolida-polo-audiovisual-no-sudeste-de-mato-grosso\/\" title=\"Film Commission Rio dos Bororos consolida polo audiovisual no sudeste de Mato Grosso\"><img loading=\"lazy\" decoding=\"async\" width=\"3840\" height=\"2160\" src=\"https:\/\/www.mtcriativo.mt.gov.br\/wp-content\/uploads\/2026\/04\/02-FOTO-PROD-O-MENINO-E-A-SANFONA.png\" class=\"img-responsive wp-post-image\" alt=\"02 FOTO PROD &#8211; O MENINO E A SANFONA\" srcset=\"https:\/\/www.mtcriativo.mt.gov.br\/wp-content\/uploads\/2026\/04\/02-FOTO-PROD-O-MENINO-E-A-SANFONA.png 3840w, https:\/\/www.mtcriativo.mt.gov.br\/wp-content\/uploads\/2026\/04\/02-FOTO-PROD-O-MENINO-E-A-SANFONA-300x169.png 300w, https:\/\/www.mtcriativo.mt.gov.br\/wp-content\/uploads\/2026\/04\/02-FOTO-PROD-O-MENINO-E-A-SANFONA-1024x576.png 1024w, https:\/\/www.mtcriativo.mt.gov.br\/wp-content\/uploads\/2026\/04\/02-FOTO-PROD-O-MENINO-E-A-SANFONA-768x432.png 768w, https:\/\/www.mtcriativo.mt.gov.br\/wp-content\/uploads\/2026\/04\/02-FOTO-PROD-O-MENINO-E-A-SANFONA-1536x864.png 1536w, https:\/\/www.mtcriativo.mt.gov.br\/wp-content\/uploads\/2026\/04\/02-FOTO-PROD-O-MENINO-E-A-SANFONA-2048x1152.png 2048w\" sizes=\"auto, (max-width: 3840px) 100vw, 3840px\" \/><\/a><\/div><div class=\"obfx-grid-col-content\">\t\t\t<h2 class=\"entry-title obfx-grid-title\">\n\t\t\t\t\t\t\t<a href=\"https:\/\/www.mtcriativo.mt.gov.br\/index.php\/2026\/04\/21\/film-commission-rio-dos-bororos-consolida-polo-audiovisual-no-sudeste-de-mato-grosso\/\" title=\"Film Commission Rio dos Bororos consolida polo audiovisual no sudeste de Mato Grosso\">\n\t\t\t\t\tFilm Commission Rio dos Bororos consolida polo audiovisual no sudeste de Mato Grosso\t\t\t\t<\/a>\n\t\t\t\t\t\t\t<\/h2>\n\t\t\t\t\t\t\t<div class=\"entry-meta obfx-grid-meta\">\n\n\t\t\t\t\t\t\t\t\t\t\t\t\t<span class=\"obfx-grid-author\">\n\t\t\t\t\t\t\t\t\t<i class=\"fas fa-user\"><\/i>MT Criativo\t\t\t\t\t\t\t\t<\/span>\n\t\t\t\t\t\t\t\t\t\t\t\t\t\t\t\t<span class=\"obfx-grid-date\">\n\t\t\t\t\t\t\t\t\t<i class=\"fas fa-calendar\"><\/i>21 de abril de 2026\t\t\t\t\t\t\t\t<\/span>\n\t\t\t\t\t\t\t\t\n\t\t\t\t<\/div>\n\t\t\t\t\t\t\t<div class=\"entry-content obfx-grid-content\">\n\t\t\t\t\u00a0 \u00a0 Film Commission Rio dos Bororos consolida polo audiovisual no sudeste de Mato Grosso \u00a0 Iniciativa viabilizada pelo Edital MT Criativo (Secel-MT) une forma\u00e7\u00e3o de talentos, preserva\u00e7\u00e3o hist\u00f3rica e&hellip;&nbsp;Continue&hellip;\t\t\t<\/div>\n\t\t\t<\/div><\/article><\/div><div class=\"obfx-grid-wrapper\"><article class=\"obfx-grid-col\"><div class=\"obfx-grid-col-image\" ><a href=\"https:\/\/www.mtcriativo.mt.gov.br\/index.php\/2026\/04\/14\/projeto-identidade-mt-esta-com-inscricoes-abertas-para-fortalecer-marcas-criativas-em-mato-grosso\/\" title=\"Projeto \u201cIdentidade MT\u201d est\u00e1 com inscri\u00e7\u00f5es abertas para fortalecer marcas criativas em Mato Grosso\"><img loading=\"lazy\" decoding=\"async\" width=\"1920\" height=\"1080\" src=\"https:\/\/www.mtcriativo.mt.gov.br\/wp-content\/uploads\/2026\/04\/ID-MT.png\" class=\"img-responsive wp-post-image\" alt=\"ID MT\" srcset=\"https:\/\/www.mtcriativo.mt.gov.br\/wp-content\/uploads\/2026\/04\/ID-MT.png 1920w, https:\/\/www.mtcriativo.mt.gov.br\/wp-content\/uploads\/2026\/04\/ID-MT-300x169.png 300w, https:\/\/www.mtcriativo.mt.gov.br\/wp-content\/uploads\/2026\/04\/ID-MT-1024x576.png 1024w, https:\/\/www.mtcriativo.mt.gov.br\/wp-content\/uploads\/2026\/04\/ID-MT-768x432.png 768w, https:\/\/www.mtcriativo.mt.gov.br\/wp-content\/uploads\/2026\/04\/ID-MT-1536x864.png 1536w\" sizes=\"auto, (max-width: 1920px) 100vw, 1920px\" \/><\/a><\/div><div class=\"obfx-grid-col-content\">\t\t\t<h2 class=\"entry-title obfx-grid-title\">\n\t\t\t\t\t\t\t<a href=\"https:\/\/www.mtcriativo.mt.gov.br\/index.php\/2026\/04\/14\/projeto-identidade-mt-esta-com-inscricoes-abertas-para-fortalecer-marcas-criativas-em-mato-grosso\/\" title=\"Projeto \u201cIdentidade MT\u201d est\u00e1 com inscri\u00e7\u00f5es abertas para fortalecer marcas criativas em Mato Grosso\">\n\t\t\t\t\tProjeto \u201cIdentidade MT\u201d est\u00e1 com inscri\u00e7\u00f5es abertas para fortalecer marcas criativas em Mato Grosso\t\t\t\t<\/a>\n\t\t\t\t\t\t\t<\/h2>\n\t\t\t\t\t\t\t<div class=\"entry-meta obfx-grid-meta\">\n\n\t\t\t\t\t\t\t\t\t\t\t\t\t<span class=\"obfx-grid-author\">\n\t\t\t\t\t\t\t\t\t<i class=\"fas fa-user\"><\/i>MT Criativo\t\t\t\t\t\t\t\t<\/span>\n\t\t\t\t\t\t\t\t\t\t\t\t\t\t\t\t<span class=\"obfx-grid-date\">\n\t\t\t\t\t\t\t\t\t<i class=\"fas fa-calendar\"><\/i>14 de abril de 2026\t\t\t\t\t\t\t\t<\/span>\n\t\t\t\t\t\t\t\t\n\t\t\t\t<\/div>\n\t\t\t\t\t\t\t<div class=\"entry-content obfx-grid-content\">\n\t\t\t\t\u00a0 Projeto \u201cIdentidade MT\u201d est\u00e1 com inscri\u00e7\u00f5es abertas para fortalecer marcas criativas em Mato Grosso Iniciativa selecionada pelo Edital MT Criativo (Secel-MT) oferece design e estrat\u00e9gia digital gratuita para empreendedores&hellip;&nbsp;Continue&hellip;\t\t\t<\/div>\n\t\t\t<\/div><\/article><\/div><div class=\"obfx-grid-wrapper\"><article class=\"obfx-grid-col\"><div class=\"obfx-grid-col-image\" ><a href=\"https:\/\/www.mtcriativo.mt.gov.br\/index.php\/2026\/03\/30\/fluxo-2026-secel-mt-inicia-mobilizacao-regional-para-construcao-do-novo-plano-estadual-de-cultura\/\" title=\"Fluxo 2026: Secel-MT inicia mobiliza\u00e7\u00e3o regional para constru\u00e7\u00e3o do novo Plano Estadual de Cultura\"><img loading=\"lazy\" decoding=\"async\" width=\"695\" height=\"448\" src=\"https:\/\/www.mtcriativo.mt.gov.br\/wp-content\/uploads\/2026\/03\/WhatsApp-Image-2026-03-27-at-11.39.59-e1774877404733.jpeg\" class=\"img-responsive wp-post-image\" alt=\"WhatsApp Image 2026-03-27 at 11.39.59\" srcset=\"https:\/\/www.mtcriativo.mt.gov.br\/wp-content\/uploads\/2026\/03\/WhatsApp-Image-2026-03-27-at-11.39.59-e1774877404733.jpeg 695w, https:\/\/www.mtcriativo.mt.gov.br\/wp-content\/uploads\/2026\/03\/WhatsApp-Image-2026-03-27-at-11.39.59-e1774877404733-300x193.jpeg 300w\" sizes=\"auto, (max-width: 695px) 100vw, 695px\" \/><\/a><\/div><div class=\"obfx-grid-col-content\">\t\t\t<h2 class=\"entry-title obfx-grid-title\">\n\t\t\t\t\t\t\t<a href=\"https:\/\/www.mtcriativo.mt.gov.br\/index.php\/2026\/03\/30\/fluxo-2026-secel-mt-inicia-mobilizacao-regional-para-construcao-do-novo-plano-estadual-de-cultura\/\" title=\"Fluxo 2026: Secel-MT inicia mobiliza\u00e7\u00e3o regional para constru\u00e7\u00e3o do novo Plano Estadual de Cultura\">\n\t\t\t\t\tFluxo 2026: Secel-MT inicia mobiliza\u00e7\u00e3o regional para constru\u00e7\u00e3o do novo Plano Estadual de Cultura\t\t\t\t<\/a>\n\t\t\t\t\t\t\t<\/h2>\n\t\t\t\t\t\t\t<div class=\"entry-meta obfx-grid-meta\">\n\n\t\t\t\t\t\t\t\t\t\t\t\t\t<span class=\"obfx-grid-author\">\n\t\t\t\t\t\t\t\t\t<i class=\"fas fa-user\"><\/i>MT Criativo\t\t\t\t\t\t\t\t<\/span>\n\t\t\t\t\t\t\t\t\t\t\t\t\t\t\t\t<span class=\"obfx-grid-date\">\n\t\t\t\t\t\t\t\t\t<i class=\"fas fa-calendar\"><\/i>30 de mar\u00e7o de 2026\t\t\t\t\t\t\t\t<\/span>\n\t\t\t\t\t\t\t\t\n\t\t\t\t<\/div>\n\t\t\t\t\t\t\t<div class=\"entry-content obfx-grid-content\">\n\t\t\t\t\u00a0 Fluxo 2026: Secel-MT inicia mobiliza\u00e7\u00e3o regional para constru\u00e7\u00e3o do novo Plano Estadual de Cultura \u00a0 Com inscri\u00e7\u00f5es abertas, caravana percorre o Estado para colher sugest\u00f5es da sociedade e segue&hellip;&nbsp;Continue&hellip;\t\t\t<\/div>\n\t\t\t<\/div><\/article><\/div><div class=\"obfx-grid-wrapper\"><article class=\"obfx-grid-col\"><div class=\"obfx-grid-col-image\" ><a href=\"https:\/\/www.mtcriativo.mt.gov.br\/index.php\/2026\/03\/30\/vitrine-mt-criativo-novo-canal-busca-acessibilizar-a-divulgacao-de-projetos-e-parcerias\/\" title=\"Vitrine MT Criativo: Novo canal busca acessibilizar a divulga\u00e7\u00e3o de projetos e parcerias\"><img loading=\"lazy\" decoding=\"async\" width=\"2560\" height=\"1707\" src=\"https:\/\/www.mtcriativo.mt.gov.br\/wp-content\/uploads\/2026\/03\/vitrine-cultural-scaled.jpg\" class=\"img-responsive wp-post-image\" alt=\"vitrine cultural\" srcset=\"https:\/\/www.mtcriativo.mt.gov.br\/wp-content\/uploads\/2026\/03\/vitrine-cultural-scaled.jpg 2560w, https:\/\/www.mtcriativo.mt.gov.br\/wp-content\/uploads\/2026\/03\/vitrine-cultural-300x200.jpg 300w, https:\/\/www.mtcriativo.mt.gov.br\/wp-content\/uploads\/2026\/03\/vitrine-cultural-1024x683.jpg 1024w, https:\/\/www.mtcriativo.mt.gov.br\/wp-content\/uploads\/2026\/03\/vitrine-cultural-768x512.jpg 768w, https:\/\/www.mtcriativo.mt.gov.br\/wp-content\/uploads\/2026\/03\/vitrine-cultural-1536x1024.jpg 1536w, https:\/\/www.mtcriativo.mt.gov.br\/wp-content\/uploads\/2026\/03\/vitrine-cultural-2048x1365.jpg 2048w, https:\/\/www.mtcriativo.mt.gov.br\/wp-content\/uploads\/2026\/03\/vitrine-cultural-930x620.jpg 930w\" sizes=\"auto, (max-width: 2560px) 100vw, 2560px\" \/><\/a><\/div><div class=\"obfx-grid-col-content\">\t\t\t<h2 class=\"entry-title obfx-grid-title\">\n\t\t\t\t\t\t\t<a href=\"https:\/\/www.mtcriativo.mt.gov.br\/index.php\/2026\/03\/30\/vitrine-mt-criativo-novo-canal-busca-acessibilizar-a-divulgacao-de-projetos-e-parcerias\/\" title=\"Vitrine MT Criativo: Novo canal busca acessibilizar a divulga\u00e7\u00e3o de projetos e parcerias\">\n\t\t\t\t\tVitrine MT Criativo: Novo canal busca acessibilizar a divulga\u00e7\u00e3o de projetos e parcerias\t\t\t\t<\/a>\n\t\t\t\t\t\t\t<\/h2>\n\t\t\t\t\t\t\t<div class=\"entry-meta obfx-grid-meta\">\n\n\t\t\t\t\t\t\t\t\t\t\t\t\t<span class=\"obfx-grid-author\">\n\t\t\t\t\t\t\t\t\t<i class=\"fas fa-user\"><\/i>MT Criativo\t\t\t\t\t\t\t\t<\/span>\n\t\t\t\t\t\t\t\t\t\t\t\t\t\t\t\t<span class=\"obfx-grid-date\">\n\t\t\t\t\t\t\t\t\t<i class=\"fas fa-calendar\"><\/i>30 de mar\u00e7o de 2026\t\t\t\t\t\t\t\t<\/span>\n\t\t\t\t\t\t\t\t\n\t\t\t\t<\/div>\n\t\t\t\t\t\t\t<div class=\"entry-content obfx-grid-content\">\n\t\t\t\t\u00a0 \u00a0 Vitrine MT Criativo: Novo canal busca acessibilizar a divulga\u00e7\u00e3o de projetos e parcerias \u00a0 Com foco em democratizar o acesso e a informa\u00e7\u00e3o, al\u00e9m de profissionalizar a comunica\u00e7\u00e3o,&hellip;&nbsp;Continue&hellip;\t\t\t<\/div>\n\t\t\t<\/div><\/article><\/div><div class=\"obfx-grid-wrapper\"><article class=\"obfx-grid-col\"><div class=\"obfx-grid-col-image\" ><a href=\"https:\/\/www.mtcriativo.mt.gov.br\/index.php\/2026\/03\/27\/ultimo-dia-theatro-furia-encerra-hoje-27-inscricoes-para-centro-de-formacao-e-novo-elenco-em-cuiaba\/\" title=\"\u00daLTIMO DIA: Theatro F\u00faria encerra hoje (27) inscri\u00e7\u00f5es para centro de forma\u00e7\u00e3o e novo elenco em Cuiab\u00e1\"><img loading=\"lazy\" decoding=\"async\" width=\"1417\" height=\"935\" src=\"https:\/\/www.mtcriativo.mt.gov.br\/wp-content\/uploads\/2026\/03\/Caixa-Magica-Prototipo-Primeira-formacao-do-elenco-do-Theatro-Furia-nos-anos-2000.jpeg\" class=\"img-responsive wp-post-image\" alt=\"Caixa M\u00e1gica Prot\u00f3tipo &#8211; Primeira forma\u00e7\u00e3o do elenco do Theatro F\u00faria nos anos 2000\" srcset=\"https:\/\/www.mtcriativo.mt.gov.br\/wp-content\/uploads\/2026\/03\/Caixa-Magica-Prototipo-Primeira-formacao-do-elenco-do-Theatro-Furia-nos-anos-2000.jpeg 1417w, https:\/\/www.mtcriativo.mt.gov.br\/wp-content\/uploads\/2026\/03\/Caixa-Magica-Prototipo-Primeira-formacao-do-elenco-do-Theatro-Furia-nos-anos-2000-300x198.jpeg 300w, https:\/\/www.mtcriativo.mt.gov.br\/wp-content\/uploads\/2026\/03\/Caixa-Magica-Prototipo-Primeira-formacao-do-elenco-do-Theatro-Furia-nos-anos-2000-1024x676.jpeg 1024w, https:\/\/www.mtcriativo.mt.gov.br\/wp-content\/uploads\/2026\/03\/Caixa-Magica-Prototipo-Primeira-formacao-do-elenco-do-Theatro-Furia-nos-anos-2000-768x507.jpeg 768w\" sizes=\"auto, (max-width: 1417px) 100vw, 1417px\" \/><\/a><\/div><div class=\"obfx-grid-col-content\">\t\t\t<h2 class=\"entry-title obfx-grid-title\">\n\t\t\t\t\t\t\t<a href=\"https:\/\/www.mtcriativo.mt.gov.br\/index.php\/2026\/03\/27\/ultimo-dia-theatro-furia-encerra-hoje-27-inscricoes-para-centro-de-formacao-e-novo-elenco-em-cuiaba\/\" title=\"\u00daLTIMO DIA: Theatro F\u00faria encerra hoje (27) inscri\u00e7\u00f5es para centro de forma\u00e7\u00e3o e novo elenco em Cuiab\u00e1\">\n\t\t\t\t\t\u00daLTIMO DIA: Theatro F\u00faria encerra hoje (27) inscri\u00e7\u00f5es para centro de forma\u00e7\u00e3o e novo elenco em Cuiab\u00e1\t\t\t\t<\/a>\n\t\t\t\t\t\t\t<\/h2>\n\t\t\t\t\t\t\t<div class=\"entry-meta obfx-grid-meta\">\n\n\t\t\t\t\t\t\t\t\t\t\t\t\t<span class=\"obfx-grid-author\">\n\t\t\t\t\t\t\t\t\t<i class=\"fas fa-user\"><\/i>MT Criativo\t\t\t\t\t\t\t\t<\/span>\n\t\t\t\t\t\t\t\t\t\t\t\t\t\t\t\t<span class=\"obfx-grid-date\">\n\t\t\t\t\t\t\t\t\t<i class=\"fas fa-calendar\"><\/i>27 de mar\u00e7o de 2026\t\t\t\t\t\t\t\t<\/span>\n\t\t\t\t\t\t\t\t\n\t\t\t\t<\/div>\n\t\t\t\t\t\t\t<div class=\"entry-content obfx-grid-content\">\n\t\t\t\t\u00daLTIMO DIA: Theatro F\u00faria encerra hoje (27) inscri\u00e7\u00f5es para centro de forma\u00e7\u00e3o e novo elenco em Cuiab\u00e1 \u00a0 Com foco na t\u00e9cnica original de &#8220;Marionetas Humanas&#8221;, projeto Caixa M\u00e1gica 2.0&hellip;&nbsp;Continue&hellip;\t\t\t<\/div>\n\t\t\t<\/div><\/article><\/div><\/div><!-- .obfx-grid-container --><\/div><!-- .obfx-grid -->\t\t<\/div>\n\t\t\t\t<\/div>\n\t\t\t\t\t\t<\/div>\n\t\t\t\t\t<\/div>\n\t\t<\/div>\n\t\t\t\t\t\t\t\t<\/div>\n\t\t\t\t\t<\/div>\n\t\t<\/section>\n\t\t\t\t\t\t<\/div>\n\t\t\t\t\t\t<\/div>\n\t\t\t\t\t<\/div>\n\t\t","protected":false},"excerpt":{"rendered":"<p>ARTIGOS Nesta se\u00e7\u00e3o, reunimos conte\u00fados sobre diferentes \u00e1reas da economia, cultura e criatividade. Aqui voc\u00ea encontra an\u00e1lises, reflex\u00f5es e informa\u00e7\u00f5es atualizadas que ajudam a entender tend\u00eancias, conceitos e oportunidades que&hellip;&nbsp;<a href=\"https:\/\/www.mtcriativo.mt.gov.br\/index.php\/2026\/03\/27\/ultimo-dia-theatro-furia-encerra-hoje-27-inscricoes-para-centro-de-formacao-e-novo-elenco-em-cuiaba\/\" class=\"\" rel=\"bookmark\">Continue a ler &raquo;<span class=\"screen-reader-text\">\u00daLTIMO DIA: Theatro F\u00faria encerra hoje (27) inscri\u00e7\u00f5es para centro de forma\u00e7\u00e3o e novo elenco em Cuiab\u00e1<\/span><\/a><\/p>\n","protected":false},"author":2,"featured_media":0,"parent":0,"menu_order":0,"comment_status":"closed","ping_status":"closed","template":"page-templates\/template-pagebuilder-full-width.php","meta":{"neve_meta_sidebar":"","neve_meta_container":"","neve_meta_enable_content_width":"","neve_meta_content_width":0,"neve_meta_title_alignment":"","neve_meta_author_avatar":"","neve_post_elements_order":"","neve_meta_disable_header":"","neve_meta_disable_footer":"","neve_meta_disable_title":"","footnotes":""},"class_list":["post-5783","page","type-page","status-publish","hentry"],"_links":{"self":[{"href":"https:\/\/www.mtcriativo.mt.gov.br\/index.php\/wp-json\/wp\/v2\/pages\/5783","targetHints":{"allow":["GET"]}}],"collection":[{"href":"https:\/\/www.mtcriativo.mt.gov.br\/index.php\/wp-json\/wp\/v2\/pages"}],"about":[{"href":"https:\/\/www.mtcriativo.mt.gov.br\/index.php\/wp-json\/wp\/v2\/types\/page"}],"author":[{"embeddable":true,"href":"https:\/\/www.mtcriativo.mt.gov.br\/index.php\/wp-json\/wp\/v2\/users\/2"}],"replies":[{"embeddable":true,"href":"https:\/\/www.mtcriativo.mt.gov.br\/index.php\/wp-json\/wp\/v2\/comments?post=5783"}],"version-history":[{"count":4,"href":"https:\/\/www.mtcriativo.mt.gov.br\/index.php\/wp-json\/wp\/v2\/pages\/5783\/revisions"}],"predecessor-version":[{"id":5788,"href":"https:\/\/www.mtcriativo.mt.gov.br\/index.php\/wp-json\/wp\/v2\/pages\/5783\/revisions\/5788"}],"wp:attachment":[{"href":"https:\/\/www.mtcriativo.mt.gov.br\/index.php\/wp-json\/wp\/v2\/media?parent=5783"}],"curies":[{"name":"wp","href":"https:\/\/api.w.org\/{rel}","templated":true}]}}