{"id":6129,"date":"2025-12-02T10:53:10","date_gmt":"2025-12-02T14:53:10","guid":{"rendered":"https:\/\/www.mtcriativo.mt.gov.br\/?page_id=6129"},"modified":"2026-01-16T13:01:05","modified_gmt":"2026-01-16T17:01:05","slug":"mtcriativo","status":"publish","type":"page","link":"https:\/\/www.mtcriativo.mt.gov.br\/index.php\/mtcriativo\/","title":{"rendered":"MT Criativo #2"},"content":{"rendered":"\t\t<div data-elementor-type=\"wp-page\" data-elementor-id=\"6129\" class=\"elementor elementor-6129\" data-elementor-settings=\"[]\">\n\t\t\t\t\t\t<div class=\"elementor-inner\">\n\t\t\t\t\t\t\t<div class=\"elementor-section-wrap\">\n\t\t\t\t\t\t\t<section class=\"elementor-section elementor-top-section elementor-element elementor-element-728b9da elementor-section-height-full elementor-section-boxed elementor-section-height-default elementor-section-items-middle\" data-id=\"728b9da\" data-element_type=\"section\" data-settings=\"{&quot;background_background&quot;:&quot;slideshow&quot;,&quot;background_slideshow_gallery&quot;:[{&quot;id&quot;:4274,&quot;url&quot;:&quot;https:\\\/\\\/www.mtcriativo.mt.gov.br\\\/wp-content\\\/uploads\\\/2024\\\/06\\\/R0CUYMW-scaled.jpg&quot;},{&quot;id&quot;:4272,&quot;url&quot;:&quot;https:\\\/\\\/www.mtcriativo.mt.gov.br\\\/wp-content\\\/uploads\\\/2024\\\/06\\\/RL5F1KE-scaled.jpg&quot;},{&quot;id&quot;:4264,&quot;url&quot;:&quot;https:\\\/\\\/www.mtcriativo.mt.gov.br\\\/wp-content\\\/uploads\\\/2024\\\/06\\\/RZ1764T-scaled.jpg&quot;},{&quot;id&quot;:4271,&quot;url&quot;:&quot;https:\\\/\\\/www.mtcriativo.mt.gov.br\\\/wp-content\\\/uploads\\\/2024\\\/06\\\/RKBCEPE-scaled.jpg&quot;},{&quot;id&quot;:4270,&quot;url&quot;:&quot;https:\\\/\\\/www.mtcriativo.mt.gov.br\\\/wp-content\\\/uploads\\\/2024\\\/06\\\/RWDWPJH-scaled.jpg&quot;},{&quot;id&quot;:4263,&quot;url&quot;:&quot;https:\\\/\\\/www.mtcriativo.mt.gov.br\\\/wp-content\\\/uploads\\\/2024\\\/06\\\/RR19W3A-scaled.jpg&quot;},{&quot;id&quot;:4262,&quot;url&quot;:&quot;https:\\\/\\\/www.mtcriativo.mt.gov.br\\\/wp-content\\\/uploads\\\/2024\\\/06\\\/R0ED3JI-scaled.jpg&quot;},{&quot;id&quot;:4269,&quot;url&quot;:&quot;https:\\\/\\\/www.mtcriativo.mt.gov.br\\\/wp-content\\\/uploads\\\/2024\\\/06\\\/RBF4X2W-scaled.jpg&quot;},{&quot;id&quot;:4261,&quot;url&quot;:&quot;https:\\\/\\\/www.mtcriativo.mt.gov.br\\\/wp-content\\\/uploads\\\/2024\\\/06\\\/RYALWFQ-scaled.jpg&quot;},{&quot;id&quot;:4260,&quot;url&quot;:&quot;https:\\\/\\\/www.mtcriativo.mt.gov.br\\\/wp-content\\\/uploads\\\/2024\\\/06\\\/RNQL3MB-scaled.jpg&quot;},{&quot;id&quot;:4268,&quot;url&quot;:&quot;https:\\\/\\\/www.mtcriativo.mt.gov.br\\\/wp-content\\\/uploads\\\/2024\\\/06\\\/R91P1J8-scaled.jpg&quot;},{&quot;id&quot;:4259,&quot;url&quot;:&quot;https:\\\/\\\/www.mtcriativo.mt.gov.br\\\/wp-content\\\/uploads\\\/2024\\\/06\\\/RM2NWO9-scaled.jpg&quot;},{&quot;id&quot;:4267,&quot;url&quot;:&quot;https:\\\/\\\/www.mtcriativo.mt.gov.br\\\/wp-content\\\/uploads\\\/2024\\\/06\\\/R0VOYJ2-scaled.jpg&quot;},{&quot;id&quot;:4258,&quot;url&quot;:&quot;https:\\\/\\\/www.mtcriativo.mt.gov.br\\\/wp-content\\\/uploads\\\/2024\\\/06\\\/RPNZSJL-scaled.jpg&quot;},{&quot;id&quot;:4266,&quot;url&quot;:&quot;https:\\\/\\\/www.mtcriativo.mt.gov.br\\\/wp-content\\\/uploads\\\/2024\\\/06\\\/R4CAUTL-scaled.jpg&quot;},{&quot;id&quot;:4249,&quot;url&quot;:&quot;https:\\\/\\\/www.mtcriativo.mt.gov.br\\\/wp-content\\\/uploads\\\/2024\\\/06\\\/RA5MKI2-scaled.jpg&quot;},{&quot;id&quot;:4248,&quot;url&quot;:&quot;https:\\\/\\\/www.mtcriativo.mt.gov.br\\\/wp-content\\\/uploads\\\/2024\\\/06\\\/RC4XMEX-scaled.jpg&quot;},{&quot;id&quot;:4250,&quot;url&quot;:&quot;https:\\\/\\\/www.mtcriativo.mt.gov.br\\\/wp-content\\\/uploads\\\/2024\\\/06\\\/R2QXY2C-scaled.jpg&quot;},{&quot;id&quot;:4251,&quot;url&quot;:&quot;https:\\\/\\\/www.mtcriativo.mt.gov.br\\\/wp-content\\\/uploads\\\/2024\\\/06\\\/R9M8OYY-scaled.jpg&quot;},{&quot;id&quot;:4252,&quot;url&quot;:&quot;https:\\\/\\\/www.mtcriativo.mt.gov.br\\\/wp-content\\\/uploads\\\/2024\\\/06\\\/RBJ22JP-scaled.jpg&quot;},{&quot;id&quot;:4253,&quot;url&quot;:&quot;https:\\\/\\\/www.mtcriativo.mt.gov.br\\\/wp-content\\\/uploads\\\/2024\\\/06\\\/RFSIK3A-scaled.jpg&quot;},{&quot;id&quot;:4254,&quot;url&quot;:&quot;https:\\\/\\\/www.mtcriativo.mt.gov.br\\\/wp-content\\\/uploads\\\/2024\\\/06\\\/RFW4KVF-scaled.jpg&quot;},{&quot;id&quot;:4255,&quot;url&quot;:&quot;https:\\\/\\\/www.mtcriativo.mt.gov.br\\\/wp-content\\\/uploads\\\/2024\\\/06\\\/R7XG5BW-scaled.jpg&quot;},{&quot;id&quot;:4256,&quot;url&quot;:&quot;https:\\\/\\\/www.mtcriativo.mt.gov.br\\\/wp-content\\\/uploads\\\/2024\\\/06\\\/RM107I4-scaled.jpg&quot;},{&quot;id&quot;:4247,&quot;url&quot;:&quot;https:\\\/\\\/www.mtcriativo.mt.gov.br\\\/wp-content\\\/uploads\\\/2024\\\/06\\\/R91X8WF-scaled.jpg&quot;},{&quot;id&quot;:4246,&quot;url&quot;:&quot;https:\\\/\\\/www.mtcriativo.mt.gov.br\\\/wp-content\\\/uploads\\\/2024\\\/06\\\/RLCDPC3-scaled.jpg&quot;},{&quot;id&quot;:4245,&quot;url&quot;:&quot;https:\\\/\\\/www.mtcriativo.mt.gov.br\\\/wp-content\\\/uploads\\\/2024\\\/06\\\/RZ4S8UT-scaled.jpg&quot;},{&quot;id&quot;:4244,&quot;url&quot;:&quot;https:\\\/\\\/www.mtcriativo.mt.gov.br\\\/wp-content\\\/uploads\\\/2024\\\/06\\\/R1X0NLU-scaled.jpg&quot;},{&quot;id&quot;:4242,&quot;url&quot;:&quot;https:\\\/\\\/www.mtcriativo.mt.gov.br\\\/wp-content\\\/uploads\\\/2024\\\/06\\\/R9AFMDE-scaled.jpg&quot;},{&quot;id&quot;:4240,&quot;url&quot;:&quot;https:\\\/\\\/www.mtcriativo.mt.gov.br\\\/wp-content\\\/uploads\\\/2024\\\/06\\\/RW0PNBE-scaled.jpg&quot;}],&quot;background_slideshow_slide_duration&quot;:4000,&quot;background_slideshow_ken_burns&quot;:&quot;yes&quot;,&quot;background_slideshow_loop&quot;:&quot;yes&quot;,&quot;background_slideshow_slide_transition&quot;:&quot;fade&quot;,&quot;background_slideshow_transition_duration&quot;:500,&quot;background_slideshow_ken_burns_zoom_direction&quot;:&quot;in&quot;}\">\n\t\t\t\t\t\t<div class=\"elementor-container elementor-column-gap-custom\">\n\t\t\t\t\t\t\t<div class=\"elementor-row\">\n\t\t\t\t\t<div class=\"elementor-column elementor-col-100 elementor-top-column elementor-element elementor-element-d001e5e\" data-id=\"d001e5e\" data-element_type=\"column\">\n\t\t\t<div class=\"elementor-column-wrap elementor-element-populated\">\n\t\t\t\t\t\t\t<div class=\"elementor-widget-wrap\">\n\t\t\t\t\t\t<div class=\"elementor-element elementor-element-7c58d5b e-transform elementor-widget elementor-widget-heading\" data-id=\"7c58d5b\" data-element_type=\"widget\" data-settings=\"{&quot;_transform_translateX_effect_mobile&quot;:{&quot;unit&quot;:&quot;px&quot;,&quot;size&quot;:0,&quot;sizes&quot;:[]},&quot;_transform_translateY_effect_tablet&quot;:{&quot;unit&quot;:&quot;px&quot;,&quot;size&quot;:-11,&quot;sizes&quot;:[]},&quot;_animation_mobile&quot;:&quot;fadeIn&quot;,&quot;_transform_translateY_effect_mobile&quot;:{&quot;unit&quot;:&quot;px&quot;,&quot;size&quot;:2,&quot;sizes&quot;:[]},&quot;_transform_translateX_effect&quot;:{&quot;unit&quot;:&quot;px&quot;,&quot;size&quot;:&quot;&quot;,&quot;sizes&quot;:[]},&quot;_transform_translateX_effect_tablet&quot;:{&quot;unit&quot;:&quot;px&quot;,&quot;size&quot;:&quot;&quot;,&quot;sizes&quot;:[]},&quot;_transform_translateY_effect&quot;:{&quot;unit&quot;:&quot;px&quot;,&quot;size&quot;:&quot;&quot;,&quot;sizes&quot;:[]}}\" data-widget_type=\"heading.default\">\n\t\t\t\t<div class=\"elementor-widget-container\">\n\t\t\t<h6 class=\"elementor-heading-title elementor-size-xxl\"><b>mato grosso criativo<\/b><\/h6>\t\t<\/div>\n\t\t\t\t<\/div>\n\t\t\t\t<div class=\"elementor-element elementor-element-6d089ad e-transform e-transform elementor-widget elementor-widget-text-editor\" data-id=\"6d089ad\" data-element_type=\"widget\" data-settings=\"{&quot;_transform_translateX_effect_mobile&quot;:{&quot;unit&quot;:&quot;px&quot;,&quot;size&quot;:0,&quot;sizes&quot;:[]},&quot;_transform_translateY_effect_tablet&quot;:{&quot;unit&quot;:&quot;px&quot;,&quot;size&quot;:-11,&quot;sizes&quot;:[]},&quot;_transform_translateY_effect_mobile&quot;:{&quot;unit&quot;:&quot;px&quot;,&quot;size&quot;:0,&quot;sizes&quot;:[]},&quot;_animation_mobile&quot;:&quot;fadeIn&quot;,&quot;_transform_rotateZ_effect_mobile&quot;:{&quot;unit&quot;:&quot;px&quot;,&quot;size&quot;:0,&quot;sizes&quot;:[]},&quot;_transform_rotateZ_effect&quot;:{&quot;unit&quot;:&quot;px&quot;,&quot;size&quot;:&quot;&quot;,&quot;sizes&quot;:[]},&quot;_transform_rotateZ_effect_tablet&quot;:{&quot;unit&quot;:&quot;px&quot;,&quot;size&quot;:&quot;&quot;,&quot;sizes&quot;:[]},&quot;_transform_translateX_effect&quot;:{&quot;unit&quot;:&quot;px&quot;,&quot;size&quot;:&quot;&quot;,&quot;sizes&quot;:[]},&quot;_transform_translateX_effect_tablet&quot;:{&quot;unit&quot;:&quot;px&quot;,&quot;size&quot;:&quot;&quot;,&quot;sizes&quot;:[]},&quot;_transform_translateY_effect&quot;:{&quot;unit&quot;:&quot;px&quot;,&quot;size&quot;:&quot;&quot;,&quot;sizes&quot;:[]}}\" data-widget_type=\"text-editor.default\">\n\t\t\t\t<div class=\"elementor-widget-container\">\n\t\t\t\t\t\t\t\t<div class=\"elementor-text-editor elementor-clearfix\">\n\t\t\t\t<p style=\"text-align: center;\">AJUDAMOS PESSOAS A TRANSFORMAREM O MUNDO EM UM LUGAR MELHOR ATRAV\u00c9S DA ECONOMIA CRIATIVA E DO IMPACTO SOCIOCULTURAL.<\/p>\t\t\t\t\t<\/div>\n\t\t\t\t\t\t<\/div>\n\t\t\t\t<\/div>\n\t\t\t\t\t\t<\/div>\n\t\t\t\t\t<\/div>\n\t\t<\/div>\n\t\t\t\t\t\t\t\t<\/div>\n\t\t\t\t\t<\/div>\n\t\t<\/section>\n\t\t\t\t<section class=\"elementor-section elementor-top-section elementor-element elementor-element-2116387 elementor-section-boxed elementor-section-height-default elementor-section-height-default\" data-id=\"2116387\" data-element_type=\"section\" data-settings=\"{&quot;background_background&quot;:&quot;classic&quot;}\">\n\t\t\t\t\t\t<div class=\"elementor-container elementor-column-gap-default\">\n\t\t\t\t\t\t\t<div class=\"elementor-row\">\n\t\t\t\t\t<div class=\"elementor-column elementor-col-100 elementor-top-column elementor-element elementor-element-4a19d40\" data-id=\"4a19d40\" data-element_type=\"column\" data-settings=\"{&quot;background_background&quot;:&quot;classic&quot;,&quot;background_motion_fx_motion_fx_mouse&quot;:&quot;yes&quot;,&quot;background_motion_fx_mouseTrack_effect&quot;:&quot;yes&quot;,&quot;background_motion_fx_mouseTrack_speed&quot;:{&quot;unit&quot;:&quot;px&quot;,&quot;size&quot;:1.8,&quot;sizes&quot;:[]}}\">\n\t\t\t<div class=\"elementor-column-wrap elementor-element-populated\">\n\t\t\t\t\t\t\t<div class=\"elementor-widget-wrap\">\n\t\t\t\t\t\t<div class=\"elementor-element elementor-element-c8e551a elementor-widget elementor-widget-obfx-posts-grid\" data-id=\"c8e551a\" data-element_type=\"widget\" data-widget_type=\"obfx-posts-grid.default\">\n\t\t\t\t<div class=\"elementor-widget-container\">\n\t\t\t<div class=\"obfx-grid\"><div class=\"obfx-grid-container obfx-grid-mobile-1 obfx-grid-tablet-2 obfx-grid-desktop-3\"><div class=\"obfx-grid-wrapper\"><article class=\"obfx-grid-col\"><div class=\"obfx-grid-col-image\" ><a href=\"https:\/\/www.mtcriativo.mt.gov.br\/index.php\/2026\/04\/28\/doe-mt-a-tecnologia-que-esta-profissionalizando-a-sustentabilidade-da-cultura-em-mato-grosso-2\/\" title=\"Doe MT: A tecnologia que est\u00e1 profissionalizando a sustentabilidade da cultura em Mato Grosso\"><img loading=\"lazy\" decoding=\"async\" width=\"1127\" height=\"526\" src=\"https:\/\/www.mtcriativo.mt.gov.br\/wp-content\/uploads\/2026\/04\/WhatsApp-Image-2026-04-16-at-11.35.01-e1776871698823.jpeg\" class=\"img-responsive wp-post-image\" alt=\"WhatsApp Image 2026-04-16 at 11.35.01\" srcset=\"https:\/\/www.mtcriativo.mt.gov.br\/wp-content\/uploads\/2026\/04\/WhatsApp-Image-2026-04-16-at-11.35.01-e1776871698823.jpeg 1127w, https:\/\/www.mtcriativo.mt.gov.br\/wp-content\/uploads\/2026\/04\/WhatsApp-Image-2026-04-16-at-11.35.01-e1776871698823-300x140.jpeg 300w, https:\/\/www.mtcriativo.mt.gov.br\/wp-content\/uploads\/2026\/04\/WhatsApp-Image-2026-04-16-at-11.35.01-e1776871698823-1024x478.jpeg 1024w, https:\/\/www.mtcriativo.mt.gov.br\/wp-content\/uploads\/2026\/04\/WhatsApp-Image-2026-04-16-at-11.35.01-e1776871698823-768x358.jpeg 768w\" sizes=\"auto, (max-width: 1127px) 100vw, 1127px\" \/><\/a><\/div><div class=\"obfx-grid-col-content\">\t\t\t<h2 class=\"entry-title obfx-grid-title\">\n\t\t\t\t\t\t\t<a href=\"https:\/\/www.mtcriativo.mt.gov.br\/index.php\/2026\/04\/28\/doe-mt-a-tecnologia-que-esta-profissionalizando-a-sustentabilidade-da-cultura-em-mato-grosso-2\/\" title=\"Doe MT: A tecnologia que est\u00e1 profissionalizando a sustentabilidade da cultura em Mato Grosso\">\n\t\t\t\t\tDoe MT: A tecnologia que est\u00e1 profissionalizando a sustentabilidade da cultura em Mato Grosso\t\t\t\t<\/a>\n\t\t\t\t\t\t\t<\/h2>\n\t\t\t<div class=\"obfx-grid-footer\"><a href=\"https:\/\/www.mtcriativo.mt.gov.br\/index.php\/2026\/04\/28\/doe-mt-a-tecnologia-que-esta-profissionalizando-a-sustentabilidade-da-cultura-em-mato-grosso-2\/\" title=\"LEIA NA \u00cdNTEGRA\">LEIA NA \u00cdNTEGRA<\/a><\/div><\/div><\/article><\/div><div class=\"obfx-grid-wrapper\"><article class=\"obfx-grid-col\"><div class=\"obfx-grid-col-image\" ><a href=\"https:\/\/www.mtcriativo.mt.gov.br\/index.php\/2026\/04\/21\/film-commission-rio-dos-bororos-consolida-polo-audiovisual-no-sudeste-de-mato-grosso\/\" title=\"Film Commission Rio dos Bororos consolida polo audiovisual no sudeste de Mato Grosso\"><img loading=\"lazy\" decoding=\"async\" width=\"3840\" height=\"2160\" src=\"https:\/\/www.mtcriativo.mt.gov.br\/wp-content\/uploads\/2026\/04\/02-FOTO-PROD-O-MENINO-E-A-SANFONA.png\" class=\"img-responsive wp-post-image\" alt=\"02 FOTO PROD &#8211; O MENINO E A SANFONA\" srcset=\"https:\/\/www.mtcriativo.mt.gov.br\/wp-content\/uploads\/2026\/04\/02-FOTO-PROD-O-MENINO-E-A-SANFONA.png 3840w, https:\/\/www.mtcriativo.mt.gov.br\/wp-content\/uploads\/2026\/04\/02-FOTO-PROD-O-MENINO-E-A-SANFONA-300x169.png 300w, https:\/\/www.mtcriativo.mt.gov.br\/wp-content\/uploads\/2026\/04\/02-FOTO-PROD-O-MENINO-E-A-SANFONA-1024x576.png 1024w, https:\/\/www.mtcriativo.mt.gov.br\/wp-content\/uploads\/2026\/04\/02-FOTO-PROD-O-MENINO-E-A-SANFONA-768x432.png 768w, https:\/\/www.mtcriativo.mt.gov.br\/wp-content\/uploads\/2026\/04\/02-FOTO-PROD-O-MENINO-E-A-SANFONA-1536x864.png 1536w, https:\/\/www.mtcriativo.mt.gov.br\/wp-content\/uploads\/2026\/04\/02-FOTO-PROD-O-MENINO-E-A-SANFONA-2048x1152.png 2048w\" sizes=\"auto, (max-width: 3840px) 100vw, 3840px\" \/><\/a><\/div><div class=\"obfx-grid-col-content\">\t\t\t<h2 class=\"entry-title obfx-grid-title\">\n\t\t\t\t\t\t\t<a href=\"https:\/\/www.mtcriativo.mt.gov.br\/index.php\/2026\/04\/21\/film-commission-rio-dos-bororos-consolida-polo-audiovisual-no-sudeste-de-mato-grosso\/\" title=\"Film Commission Rio dos Bororos consolida polo audiovisual no sudeste de Mato Grosso\">\n\t\t\t\t\tFilm Commission Rio dos Bororos consolida polo audiovisual no sudeste de Mato Grosso\t\t\t\t<\/a>\n\t\t\t\t\t\t\t<\/h2>\n\t\t\t<div class=\"obfx-grid-footer\"><a href=\"https:\/\/www.mtcriativo.mt.gov.br\/index.php\/2026\/04\/21\/film-commission-rio-dos-bororos-consolida-polo-audiovisual-no-sudeste-de-mato-grosso\/\" title=\"LEIA NA \u00cdNTEGRA\">LEIA NA \u00cdNTEGRA<\/a><\/div><\/div><\/article><\/div><div class=\"obfx-grid-wrapper\"><article class=\"obfx-grid-col\"><div class=\"obfx-grid-col-image\" ><a href=\"https:\/\/www.mtcriativo.mt.gov.br\/index.php\/2026\/04\/14\/projeto-identidade-mt-esta-com-inscricoes-abertas-para-fortalecer-marcas-criativas-em-mato-grosso\/\" title=\"Projeto \u201cIdentidade MT\u201d est\u00e1 com inscri\u00e7\u00f5es abertas para fortalecer marcas criativas em Mato Grosso\"><img loading=\"lazy\" decoding=\"async\" width=\"1920\" height=\"1080\" src=\"https:\/\/www.mtcriativo.mt.gov.br\/wp-content\/uploads\/2026\/04\/ID-MT.png\" class=\"img-responsive wp-post-image\" alt=\"ID MT\" srcset=\"https:\/\/www.mtcriativo.mt.gov.br\/wp-content\/uploads\/2026\/04\/ID-MT.png 1920w, https:\/\/www.mtcriativo.mt.gov.br\/wp-content\/uploads\/2026\/04\/ID-MT-300x169.png 300w, https:\/\/www.mtcriativo.mt.gov.br\/wp-content\/uploads\/2026\/04\/ID-MT-1024x576.png 1024w, https:\/\/www.mtcriativo.mt.gov.br\/wp-content\/uploads\/2026\/04\/ID-MT-768x432.png 768w, https:\/\/www.mtcriativo.mt.gov.br\/wp-content\/uploads\/2026\/04\/ID-MT-1536x864.png 1536w\" sizes=\"auto, (max-width: 1920px) 100vw, 1920px\" \/><\/a><\/div><div class=\"obfx-grid-col-content\">\t\t\t<h2 class=\"entry-title obfx-grid-title\">\n\t\t\t\t\t\t\t<a href=\"https:\/\/www.mtcriativo.mt.gov.br\/index.php\/2026\/04\/14\/projeto-identidade-mt-esta-com-inscricoes-abertas-para-fortalecer-marcas-criativas-em-mato-grosso\/\" title=\"Projeto \u201cIdentidade MT\u201d est\u00e1 com inscri\u00e7\u00f5es abertas para fortalecer marcas criativas em Mato Grosso\">\n\t\t\t\t\tProjeto \u201cIdentidade MT\u201d est\u00e1 com inscri\u00e7\u00f5es abertas para fortalecer marcas criativas em Mato Grosso\t\t\t\t<\/a>\n\t\t\t\t\t\t\t<\/h2>\n\t\t\t<div class=\"obfx-grid-footer\"><a href=\"https:\/\/www.mtcriativo.mt.gov.br\/index.php\/2026\/04\/14\/projeto-identidade-mt-esta-com-inscricoes-abertas-para-fortalecer-marcas-criativas-em-mato-grosso\/\" title=\"LEIA NA \u00cdNTEGRA\">LEIA NA \u00cdNTEGRA<\/a><\/div><\/div><\/article><\/div><div class=\"obfx-grid-wrapper\"><article class=\"obfx-grid-col\"><div class=\"obfx-grid-col-image\" ><a href=\"https:\/\/www.mtcriativo.mt.gov.br\/index.php\/2026\/03\/30\/vitrine-mt-criativo-novo-canal-busca-acessibilizar-a-divulgacao-de-projetos-e-parcerias\/\" title=\"Vitrine MT Criativo: Novo canal busca acessibilizar a divulga\u00e7\u00e3o de projetos e parcerias\"><img loading=\"lazy\" decoding=\"async\" width=\"2560\" height=\"1707\" src=\"https:\/\/www.mtcriativo.mt.gov.br\/wp-content\/uploads\/2026\/03\/vitrine-cultural-scaled.jpg\" class=\"img-responsive wp-post-image\" alt=\"vitrine cultural\" srcset=\"https:\/\/www.mtcriativo.mt.gov.br\/wp-content\/uploads\/2026\/03\/vitrine-cultural-scaled.jpg 2560w, https:\/\/www.mtcriativo.mt.gov.br\/wp-content\/uploads\/2026\/03\/vitrine-cultural-300x200.jpg 300w, https:\/\/www.mtcriativo.mt.gov.br\/wp-content\/uploads\/2026\/03\/vitrine-cultural-1024x683.jpg 1024w, https:\/\/www.mtcriativo.mt.gov.br\/wp-content\/uploads\/2026\/03\/vitrine-cultural-768x512.jpg 768w, https:\/\/www.mtcriativo.mt.gov.br\/wp-content\/uploads\/2026\/03\/vitrine-cultural-1536x1024.jpg 1536w, https:\/\/www.mtcriativo.mt.gov.br\/wp-content\/uploads\/2026\/03\/vitrine-cultural-2048x1365.jpg 2048w, https:\/\/www.mtcriativo.mt.gov.br\/wp-content\/uploads\/2026\/03\/vitrine-cultural-930x620.jpg 930w\" sizes=\"auto, (max-width: 2560px) 100vw, 2560px\" \/><\/a><\/div><div class=\"obfx-grid-col-content\">\t\t\t<h2 class=\"entry-title obfx-grid-title\">\n\t\t\t\t\t\t\t<a href=\"https:\/\/www.mtcriativo.mt.gov.br\/index.php\/2026\/03\/30\/vitrine-mt-criativo-novo-canal-busca-acessibilizar-a-divulgacao-de-projetos-e-parcerias\/\" title=\"Vitrine MT Criativo: Novo canal busca acessibilizar a divulga\u00e7\u00e3o de projetos e parcerias\">\n\t\t\t\t\tVitrine MT Criativo: Novo canal busca acessibilizar a divulga\u00e7\u00e3o de projetos e parcerias\t\t\t\t<\/a>\n\t\t\t\t\t\t\t<\/h2>\n\t\t\t<div class=\"obfx-grid-footer\"><a href=\"https:\/\/www.mtcriativo.mt.gov.br\/index.php\/2026\/03\/30\/vitrine-mt-criativo-novo-canal-busca-acessibilizar-a-divulgacao-de-projetos-e-parcerias\/\" title=\"LEIA NA \u00cdNTEGRA\">LEIA NA \u00cdNTEGRA<\/a><\/div><\/div><\/article><\/div><div class=\"obfx-grid-wrapper\"><article class=\"obfx-grid-col\"><div class=\"obfx-grid-col-image\" ><a href=\"https:\/\/www.mtcriativo.mt.gov.br\/index.php\/2026\/03\/30\/fluxo-2026-secel-mt-inicia-mobilizacao-regional-para-construcao-do-novo-plano-estadual-de-cultura\/\" title=\"Fluxo 2026: Secel-MT inicia mobiliza\u00e7\u00e3o regional para constru\u00e7\u00e3o do novo Plano Estadual de Cultura\"><img loading=\"lazy\" decoding=\"async\" width=\"695\" height=\"448\" src=\"https:\/\/www.mtcriativo.mt.gov.br\/wp-content\/uploads\/2026\/03\/WhatsApp-Image-2026-03-27-at-11.39.59-e1774877404733.jpeg\" class=\"img-responsive wp-post-image\" alt=\"WhatsApp Image 2026-03-27 at 11.39.59\" srcset=\"https:\/\/www.mtcriativo.mt.gov.br\/wp-content\/uploads\/2026\/03\/WhatsApp-Image-2026-03-27-at-11.39.59-e1774877404733.jpeg 695w, https:\/\/www.mtcriativo.mt.gov.br\/wp-content\/uploads\/2026\/03\/WhatsApp-Image-2026-03-27-at-11.39.59-e1774877404733-300x193.jpeg 300w\" sizes=\"auto, (max-width: 695px) 100vw, 695px\" \/><\/a><\/div><div class=\"obfx-grid-col-content\">\t\t\t<h2 class=\"entry-title obfx-grid-title\">\n\t\t\t\t\t\t\t<a href=\"https:\/\/www.mtcriativo.mt.gov.br\/index.php\/2026\/03\/30\/fluxo-2026-secel-mt-inicia-mobilizacao-regional-para-construcao-do-novo-plano-estadual-de-cultura\/\" title=\"Fluxo 2026: Secel-MT inicia mobiliza\u00e7\u00e3o regional para constru\u00e7\u00e3o do novo Plano Estadual de Cultura\">\n\t\t\t\t\tFluxo 2026: Secel-MT inicia mobiliza\u00e7\u00e3o regional para constru\u00e7\u00e3o do novo Plano Estadual de Cultura\t\t\t\t<\/a>\n\t\t\t\t\t\t\t<\/h2>\n\t\t\t<div class=\"obfx-grid-footer\"><a href=\"https:\/\/www.mtcriativo.mt.gov.br\/index.php\/2026\/03\/30\/fluxo-2026-secel-mt-inicia-mobilizacao-regional-para-construcao-do-novo-plano-estadual-de-cultura\/\" title=\"LEIA NA \u00cdNTEGRA\">LEIA NA \u00cdNTEGRA<\/a><\/div><\/div><\/article><\/div><div class=\"obfx-grid-wrapper\"><article class=\"obfx-grid-col\"><div class=\"obfx-grid-col-image\" ><a href=\"https:\/\/www.mtcriativo.mt.gov.br\/index.php\/2026\/03\/27\/ultimo-dia-theatro-furia-encerra-hoje-27-inscricoes-para-centro-de-formacao-e-novo-elenco-em-cuiaba\/\" title=\"\u00daLTIMO DIA: Theatro F\u00faria encerra hoje (27) inscri\u00e7\u00f5es para centro de forma\u00e7\u00e3o e novo elenco em Cuiab\u00e1\"><img loading=\"lazy\" decoding=\"async\" width=\"1417\" height=\"935\" src=\"https:\/\/www.mtcriativo.mt.gov.br\/wp-content\/uploads\/2026\/03\/Caixa-Magica-Prototipo-Primeira-formacao-do-elenco-do-Theatro-Furia-nos-anos-2000.jpeg\" class=\"img-responsive wp-post-image\" alt=\"Caixa M\u00e1gica Prot\u00f3tipo &#8211; Primeira forma\u00e7\u00e3o do elenco do Theatro F\u00faria nos anos 2000\" srcset=\"https:\/\/www.mtcriativo.mt.gov.br\/wp-content\/uploads\/2026\/03\/Caixa-Magica-Prototipo-Primeira-formacao-do-elenco-do-Theatro-Furia-nos-anos-2000.jpeg 1417w, https:\/\/www.mtcriativo.mt.gov.br\/wp-content\/uploads\/2026\/03\/Caixa-Magica-Prototipo-Primeira-formacao-do-elenco-do-Theatro-Furia-nos-anos-2000-300x198.jpeg 300w, https:\/\/www.mtcriativo.mt.gov.br\/wp-content\/uploads\/2026\/03\/Caixa-Magica-Prototipo-Primeira-formacao-do-elenco-do-Theatro-Furia-nos-anos-2000-1024x676.jpeg 1024w, https:\/\/www.mtcriativo.mt.gov.br\/wp-content\/uploads\/2026\/03\/Caixa-Magica-Prototipo-Primeira-formacao-do-elenco-do-Theatro-Furia-nos-anos-2000-768x507.jpeg 768w\" sizes=\"auto, (max-width: 1417px) 100vw, 1417px\" \/><\/a><\/div><div class=\"obfx-grid-col-content\">\t\t\t<h2 class=\"entry-title obfx-grid-title\">\n\t\t\t\t\t\t\t<a href=\"https:\/\/www.mtcriativo.mt.gov.br\/index.php\/2026\/03\/27\/ultimo-dia-theatro-furia-encerra-hoje-27-inscricoes-para-centro-de-formacao-e-novo-elenco-em-cuiaba\/\" title=\"\u00daLTIMO DIA: Theatro F\u00faria encerra hoje (27) inscri\u00e7\u00f5es para centro de forma\u00e7\u00e3o e novo elenco em Cuiab\u00e1\">\n\t\t\t\t\t\u00daLTIMO DIA: Theatro F\u00faria encerra hoje (27) inscri\u00e7\u00f5es para centro de forma\u00e7\u00e3o e novo elenco em Cuiab\u00e1\t\t\t\t<\/a>\n\t\t\t\t\t\t\t<\/h2>\n\t\t\t<div class=\"obfx-grid-footer\"><a href=\"https:\/\/www.mtcriativo.mt.gov.br\/index.php\/2026\/03\/27\/ultimo-dia-theatro-furia-encerra-hoje-27-inscricoes-para-centro-de-formacao-e-novo-elenco-em-cuiaba\/\" title=\"LEIA NA \u00cdNTEGRA\">LEIA NA \u00cdNTEGRA<\/a><\/div><\/div><\/article><\/div>\t\t\t\t<div class=\"obfx-grid-pagination\">\n\t\t\t\t\t\t\t\t\t\t<nav class=\"pagination\">\n\t\t\t\t\t\t<span aria-current=\"page\" class=\"page-numbers current\">1<\/span>\n<a class=\"page-numbers\" href=\"https:\/\/www.mtcriativo.mt.gov.br\/index.php\/wp-json\/wp\/v2\/pages\/6129\/page\/2\/\">2<\/a>\n<a class=\"page-numbers\" href=\"https:\/\/www.mtcriativo.mt.gov.br\/index.php\/wp-json\/wp\/v2\/pages\/6129\/page\/3\/\">3<\/a>\n<a class=\"page-numbers\" href=\"https:\/\/www.mtcriativo.mt.gov.br\/index.php\/wp-json\/wp\/v2\/pages\/6129\/page\/4\/\">4<\/a>\n<span class=\"page-numbers dots\">&hellip;<\/span>\n<a class=\"page-numbers\" href=\"https:\/\/www.mtcriativo.mt.gov.br\/index.php\/wp-json\/wp\/v2\/pages\/6129\/page\/21\/\">21<\/a>\n<a class=\"next page-numbers\" href=\"https:\/\/www.mtcriativo.mt.gov.br\/index.php\/wp-json\/wp\/v2\/pages\/6129\/page\/2\/\">Next<\/a>\t\t\t\t\t<\/nav>\n\t\t\t\t<\/div>\n\t\t\t\t<\/div><!-- .obfx-grid-container --><\/div><!-- .obfx-grid -->\t\t<\/div>\n\t\t\t\t<\/div>\n\t\t\t\t\t\t<\/div>\n\t\t\t\t\t<\/div>\n\t\t<\/div>\n\t\t\t\t\t\t\t\t<\/div>\n\t\t\t\t\t<\/div>\n\t\t<\/section>\n\t\t\t\t<section class=\"elementor-section elementor-top-section elementor-element elementor-element-8fc1264 elementor-section-full_width elementor-section-height-full elementor-section-height-default elementor-section-items-middle\" data-id=\"8fc1264\" data-element_type=\"section\" data-settings=\"{&quot;background_background&quot;:&quot;classic&quot;}\">\n\t\t\t\t\t\t<div class=\"elementor-container elementor-column-gap-default\">\n\t\t\t\t\t\t\t<div class=\"elementor-row\">\n\t\t\t\t\t<div class=\"elementor-column elementor-col-50 elementor-top-column elementor-element elementor-element-fc9b31c\" data-id=\"fc9b31c\" data-element_type=\"column\">\n\t\t\t<div class=\"elementor-column-wrap elementor-element-populated\">\n\t\t\t\t\t\t\t<div class=\"elementor-widget-wrap\">\n\t\t\t\t\t\t\t\t<\/div>\n\t\t\t\t\t<\/div>\n\t\t<\/div>\n\t\t\t\t<div class=\"elementor-column elementor-col-50 elementor-top-column elementor-element elementor-element-7c4b11c\" data-id=\"7c4b11c\" data-element_type=\"column\">\n\t\t\t<div class=\"elementor-column-wrap elementor-element-populated\">\n\t\t\t\t\t\t\t<div class=\"elementor-widget-wrap\">\n\t\t\t\t\t\t<div class=\"elementor-element elementor-element-e1ceb33 elementor-widget-mobile__width-initial e-transform elementor-widget elementor-widget-heading\" data-id=\"e1ceb33\" data-element_type=\"widget\" data-settings=\"{&quot;_transform_translateX_effect&quot;:{&quot;unit&quot;:&quot;px&quot;,&quot;size&quot;:-91,&quot;sizes&quot;:[]},&quot;_transform_translateX_effect_tablet&quot;:{&quot;unit&quot;:&quot;px&quot;,&quot;size&quot;:-57,&quot;sizes&quot;:[]},&quot;_transform_translateX_effect_mobile&quot;:{&quot;unit&quot;:&quot;px&quot;,&quot;size&quot;:-34,&quot;sizes&quot;:[]},&quot;_transform_translateY_effect&quot;:{&quot;unit&quot;:&quot;px&quot;,&quot;size&quot;:&quot;&quot;,&quot;sizes&quot;:[]},&quot;_transform_translateY_effect_tablet&quot;:{&quot;unit&quot;:&quot;px&quot;,&quot;size&quot;:&quot;&quot;,&quot;sizes&quot;:[]},&quot;_transform_translateY_effect_mobile&quot;:{&quot;unit&quot;:&quot;px&quot;,&quot;size&quot;:&quot;&quot;,&quot;sizes&quot;:[]}}\" data-widget_type=\"heading.default\">\n\t\t\t\t<div class=\"elementor-widget-container\">\n\t\t\t<h2 class=\"elementor-heading-title elementor-size-default\">Sobre n\u00f3s<\/h2>\t\t<\/div>\n\t\t\t\t<\/div>\n\t\t\t\t<div class=\"elementor-element elementor-element-2d3133c elementor-widget-mobile__width-initial e-transform elementor-widget elementor-widget-text-editor\" data-id=\"2d3133c\" data-element_type=\"widget\" data-settings=\"{&quot;_transform_translateX_effect&quot;:{&quot;unit&quot;:&quot;px&quot;,&quot;size&quot;:-91,&quot;sizes&quot;:[]},&quot;_transform_translateX_effect_tablet&quot;:{&quot;unit&quot;:&quot;px&quot;,&quot;size&quot;:-57,&quot;sizes&quot;:[]},&quot;_transform_translateX_effect_mobile&quot;:{&quot;unit&quot;:&quot;px&quot;,&quot;size&quot;:0,&quot;sizes&quot;:[]},&quot;_transform_translateY_effect&quot;:{&quot;unit&quot;:&quot;px&quot;,&quot;size&quot;:11,&quot;sizes&quot;:[]},&quot;_transform_translateY_effect_tablet&quot;:{&quot;unit&quot;:&quot;px&quot;,&quot;size&quot;:-23,&quot;sizes&quot;:[]},&quot;_transform_translateY_effect_mobile&quot;:{&quot;unit&quot;:&quot;px&quot;,&quot;size&quot;:0,&quot;sizes&quot;:[]}}\" data-widget_type=\"text-editor.default\">\n\t\t\t\t<div class=\"elementor-widget-container\">\n\t\t\t\t\t\t\t\t<div class=\"elementor-text-editor elementor-clearfix\">\n\t\t\t\t<p>O MT Criativo visa fortalecer os setores criativos como estrat\u00e9gia de diversifica\u00e7\u00e3o da economia local, abrangendo toda a cadeia produtiva da Economia Criativa. \u00c9 uma Superintend\u00eancia que nasceu de uma colabora\u00e7\u00e3o intersecretarial e busca promover o desenvolvimento econ\u00f4mico e social do estado, fomentando emprego e renda. A Economia Criativa, definida pelo escritor e pesquisador ingl\u00eas John Howkins, abrange atividades que usam da criatividade e geram valor econ\u00f4mico, promovendo inova\u00e7\u00e3o e diversidade cultural. As a\u00e7\u00f5es englobam pol\u00edticas p\u00fablicas que visam fortalecer o acesso \u00e0 cultura, forma\u00e7\u00e3o e capacita\u00e7\u00e3o profissional, fomento ao empreendedorismo e desenvolvimento de territ\u00f3rios criativos.<\/p>\t\t\t\t\t<\/div>\n\t\t\t\t\t\t<\/div>\n\t\t\t\t<\/div>\n\t\t\t\t\t\t<\/div>\n\t\t\t\t\t<\/div>\n\t\t<\/div>\n\t\t\t\t\t\t\t\t<\/div>\n\t\t\t\t\t<\/div>\n\t\t<\/section>\n\t\t\t\t<section class=\"elementor-section elementor-top-section elementor-element elementor-element-feb0392 elementor-section-height-min-height elementor-section-items-top elementor-section-content-middle elementor-section-boxed elementor-section-height-default\" data-id=\"feb0392\" data-element_type=\"section\" data-settings=\"{&quot;background_background&quot;:&quot;classic&quot;}\">\n\t\t\t\t\t\t\t<div class=\"elementor-background-overlay\"><\/div>\n\t\t\t\t\t\t\t<div class=\"elementor-container elementor-column-gap-default\">\n\t\t\t\t\t\t\t<div class=\"elementor-row\">\n\t\t\t\t\t<div class=\"elementor-column elementor-col-50 elementor-top-column elementor-element elementor-element-73e35fe\" data-id=\"73e35fe\" data-element_type=\"column\">\n\t\t\t<div class=\"elementor-column-wrap elementor-element-populated\">\n\t\t\t\t\t\t\t<div class=\"elementor-widget-wrap\">\n\t\t\t\t\t\t<div class=\"elementor-element elementor-element-95933e2 e-transform elementor-widget-mobile__width-initial elementor-widget elementor-widget-image\" data-id=\"95933e2\" data-element_type=\"widget\" data-settings=\"{&quot;_transform_translateX_effect_mobile&quot;:{&quot;unit&quot;:&quot;px&quot;,&quot;size&quot;:23,&quot;sizes&quot;:[]},&quot;_transform_translateX_effect&quot;:{&quot;unit&quot;:&quot;px&quot;,&quot;size&quot;:&quot;&quot;,&quot;sizes&quot;:[]},&quot;_transform_translateX_effect_tablet&quot;:{&quot;unit&quot;:&quot;px&quot;,&quot;size&quot;:&quot;&quot;,&quot;sizes&quot;:[]},&quot;_transform_translateY_effect&quot;:{&quot;unit&quot;:&quot;px&quot;,&quot;size&quot;:&quot;&quot;,&quot;sizes&quot;:[]},&quot;_transform_translateY_effect_tablet&quot;:{&quot;unit&quot;:&quot;px&quot;,&quot;size&quot;:&quot;&quot;,&quot;sizes&quot;:[]},&quot;_transform_translateY_effect_mobile&quot;:{&quot;unit&quot;:&quot;px&quot;,&quot;size&quot;:&quot;&quot;,&quot;sizes&quot;:[]}}\" data-widget_type=\"image.default\">\n\t\t\t\t<div class=\"elementor-widget-container\">\n\t\t\t\t\t\t\t\t<div class=\"elementor-image\">\n\t\t\t\t\t\t\t\t\t\t\t\t<img loading=\"lazy\" decoding=\"async\" width=\"2560\" height=\"1707\" src=\"https:\/\/www.mtcriativo.mt.gov.br\/wp-content\/uploads\/2024\/06\/RZRBLKE-scaled.jpg\" class=\"attachment-full size-full\" alt=\"\" srcset=\"https:\/\/www.mtcriativo.mt.gov.br\/wp-content\/uploads\/2024\/06\/RZRBLKE-scaled.jpg 2560w, https:\/\/www.mtcriativo.mt.gov.br\/wp-content\/uploads\/2024\/06\/RZRBLKE-300x200.jpg 300w, https:\/\/www.mtcriativo.mt.gov.br\/wp-content\/uploads\/2024\/06\/RZRBLKE-1024x683.jpg 1024w, https:\/\/www.mtcriativo.mt.gov.br\/wp-content\/uploads\/2024\/06\/RZRBLKE-768x512.jpg 768w, https:\/\/www.mtcriativo.mt.gov.br\/wp-content\/uploads\/2024\/06\/RZRBLKE-1536x1024.jpg 1536w, https:\/\/www.mtcriativo.mt.gov.br\/wp-content\/uploads\/2024\/06\/RZRBLKE-2048x1365.jpg 2048w, https:\/\/www.mtcriativo.mt.gov.br\/wp-content\/uploads\/2024\/06\/RZRBLKE-930x620.jpg 930w\" sizes=\"auto, (max-width: 2560px) 100vw, 2560px\" \/>\t\t\t\t\t\t\t\t\t\t\t\t\t\t<\/div>\n\t\t\t\t\t\t<\/div>\n\t\t\t\t<\/div>\n\t\t\t\t\t\t<\/div>\n\t\t\t\t\t<\/div>\n\t\t<\/div>\n\t\t\t\t<div class=\"elementor-column elementor-col-25 elementor-top-column elementor-element elementor-element-a6333e8\" data-id=\"a6333e8\" data-element_type=\"column\">\n\t\t\t<div class=\"elementor-column-wrap elementor-element-populated\">\n\t\t\t\t\t\t\t<div class=\"elementor-widget-wrap\">\n\t\t\t\t\t\t<div class=\"elementor-element elementor-element-2aa6294 elementor-widget-tablet__width-initial elementor-widget elementor-widget-heading\" data-id=\"2aa6294\" data-element_type=\"widget\" data-widget_type=\"heading.default\">\n\t\t\t\t<div class=\"elementor-widget-container\">\n\t\t\t<p class=\"elementor-heading-title elementor-size-small\"><a href=\"\/index.php\/networking-formulario\" target=\"_blank\">QUER PROMOVER SEU NEG\u00d3CIO?<\/a><\/p>\t\t<\/div>\n\t\t\t\t<\/div>\n\t\t\t\t<div class=\"elementor-element elementor-element-847ce1a elementor-widget elementor-widget-text-editor\" data-id=\"847ce1a\" data-element_type=\"widget\" data-widget_type=\"text-editor.default\">\n\t\t\t\t<div class=\"elementor-widget-container\">\n\t\t\t\t\t\t\t\t<div class=\"elementor-text-editor elementor-clearfix\">\n\t\t\t\t<span style=\"color:; font-family: S\u00f6hne, ui-sans-serif, system-ui, -apple-system, 'Segoe UI', Roboto, Ubuntu, Cantarell, 'Noto Sans', sans-serif, 'Helvetica Neue', Arial, 'Apple Color Emoji', 'Segoe UI Emoji', 'Segoe UI Symbol', 'Noto Color Emoji'; font-size: 16px; letter-spacing: normal; word-spacing: 0px; white-space-collapse: preserve;\">Junte-se \u00e0 nossa rede de Networking, registre-se agora!<\/span>\t\t\t\t\t<\/div>\n\t\t\t\t\t\t<\/div>\n\t\t\t\t<\/div>\n\t\t\t\t\t\t<\/div>\n\t\t\t\t\t<\/div>\n\t\t<\/div>\n\t\t\t\t<div class=\"elementor-column elementor-col-25 elementor-top-column elementor-element elementor-element-eb24b01\" data-id=\"eb24b01\" data-element_type=\"column\">\n\t\t\t<div class=\"elementor-column-wrap elementor-element-populated\">\n\t\t\t\t\t\t\t<div class=\"elementor-widget-wrap\">\n\t\t\t\t\t\t<div class=\"elementor-element elementor-element-342956b elementor-align-center elementor-mobile-align-center elementor-button-warning elementor-widget-tablet__width-initial elementor-absolute e-transform elementor-widget elementor-widget-button\" data-id=\"342956b\" data-element_type=\"widget\" data-settings=\"{&quot;sticky&quot;:&quot;bottom&quot;,&quot;_position&quot;:&quot;absolute&quot;,&quot;_transform_translateX_effect&quot;:{&quot;unit&quot;:&quot;px&quot;,&quot;size&quot;:68,&quot;sizes&quot;:[]},&quot;_transform_translateY_effect&quot;:{&quot;unit&quot;:&quot;px&quot;,&quot;size&quot;:113,&quot;sizes&quot;:[]},&quot;motion_fx_motion_fx_scrolling&quot;:&quot;yes&quot;,&quot;_animation_mobile&quot;:&quot;none&quot;,&quot;_transform_translateX_effect_mobile&quot;:{&quot;unit&quot;:&quot;px&quot;,&quot;size&quot;:179,&quot;sizes&quot;:[]},&quot;motion_fx_devices&quot;:[&quot;desktop&quot;,&quot;tablet&quot;,&quot;mobile&quot;],&quot;sticky_on&quot;:[&quot;desktop&quot;,&quot;tablet&quot;,&quot;mobile&quot;],&quot;sticky_offset&quot;:0,&quot;sticky_effects_offset&quot;:0,&quot;_transform_translateX_effect_tablet&quot;:{&quot;unit&quot;:&quot;px&quot;,&quot;size&quot;:&quot;&quot;,&quot;sizes&quot;:[]},&quot;_transform_translateY_effect_tablet&quot;:{&quot;unit&quot;:&quot;px&quot;,&quot;size&quot;:&quot;&quot;,&quot;sizes&quot;:[]},&quot;_transform_translateY_effect_mobile&quot;:{&quot;unit&quot;:&quot;px&quot;,&quot;size&quot;:&quot;&quot;,&quot;sizes&quot;:[]}}\" data-widget_type=\"button.default\">\n\t\t\t\t<div class=\"elementor-widget-container\">\n\t\t\t\t\t<div class=\"elementor-button-wrapper\">\n\t\t\t<a href=\"\/index.php\/networking-formulario\" class=\"elementor-button-link elementor-button elementor-size-sm\" role=\"button\">\n\t\t\t\t\t\t<span class=\"elementor-button-content-wrapper\">\n\t\t\t\t\t\t<span class=\"elementor-button-text\">Cadastre-se aqui!<\/span>\n\t\t<\/span>\n\t\t\t\t\t<\/a>\n\t\t<\/div>\n\t\t\t\t<\/div>\n\t\t\t\t<\/div>\n\t\t\t\t\t\t<\/div>\n\t\t\t\t\t<\/div>\n\t\t<\/div>\n\t\t\t\t\t\t\t\t<\/div>\n\t\t\t\t\t<\/div>\n\t\t<\/section>\n\t\t\t\t\t\t<\/div>\n\t\t\t\t\t\t<\/div>\n\t\t\t\t\t<\/div>\n\t\t","protected":false},"excerpt":{"rendered":"<p>mato grosso criativo AJUDAMOS PESSOAS A TRANSFORMAREM O MUNDO EM UM LUGAR MELHOR ATRAV\u00c9S DA ECONOMIA CRIATIVA E DO IMPACTO SOCIOCULTURAL. Criativo da Semana: Anjos da Lata transforma sucata em&hellip;&nbsp;<a href=\"https:\/\/www.mtcriativo.mt.gov.br\/index.php\/2026\/03\/27\/ultimo-dia-theatro-furia-encerra-hoje-27-inscricoes-para-centro-de-formacao-e-novo-elenco-em-cuiaba\/\" class=\"\" rel=\"bookmark\">Continue a ler &raquo;<span class=\"screen-reader-text\">\u00daLTIMO DIA: Theatro F\u00faria encerra hoje (27) inscri\u00e7\u00f5es para centro de forma\u00e7\u00e3o e novo elenco em Cuiab\u00e1<\/span><\/a><\/p>\n","protected":false},"author":1,"featured_media":0,"parent":0,"menu_order":0,"comment_status":"closed","ping_status":"closed","template":"elementor_header_footer","meta":{"neve_meta_sidebar":"","neve_meta_container":"","neve_meta_enable_content_width":"","neve_meta_content_width":0,"neve_meta_title_alignment":"","neve_meta_author_avatar":"","neve_post_elements_order":"","neve_meta_disable_header":"","neve_meta_disable_footer":"","neve_meta_disable_title":"","footnotes":""},"class_list":["post-6129","page","type-page","status-publish","hentry"],"_links":{"self":[{"href":"https:\/\/www.mtcriativo.mt.gov.br\/index.php\/wp-json\/wp\/v2\/pages\/6129","targetHints":{"allow":["GET"]}}],"collection":[{"href":"https:\/\/www.mtcriativo.mt.gov.br\/index.php\/wp-json\/wp\/v2\/pages"}],"about":[{"href":"https:\/\/www.mtcriativo.mt.gov.br\/index.php\/wp-json\/wp\/v2\/types\/page"}],"author":[{"embeddable":true,"href":"https:\/\/www.mtcriativo.mt.gov.br\/index.php\/wp-json\/wp\/v2\/users\/1"}],"replies":[{"embeddable":true,"href":"https:\/\/www.mtcriativo.mt.gov.br\/index.php\/wp-json\/wp\/v2\/comments?post=6129"}],"version-history":[{"count":3,"href":"https:\/\/www.mtcriativo.mt.gov.br\/index.php\/wp-json\/wp\/v2\/pages\/6129\/revisions"}],"predecessor-version":[{"id":6299,"href":"https:\/\/www.mtcriativo.mt.gov.br\/index.php\/wp-json\/wp\/v2\/pages\/6129\/revisions\/6299"}],"wp:attachment":[{"href":"https:\/\/www.mtcriativo.mt.gov.br\/index.php\/wp-json\/wp\/v2\/media?parent=6129"}],"curies":[{"name":"wp","href":"https:\/\/api.w.org\/{rel}","templated":true}]}}